{"id":540,"date":"2025-04-15T08:53:16","date_gmt":"2025-04-15T08:53:16","guid":{"rendered":"https:\/\/www.escargotvino.com\/?product=grenache-des-gres-o-pichon"},"modified":"2025-04-15T08:53:16","modified_gmt":"2025-04-15T08:53:16","slug":"grenache-des-gres-o-pichon","status":"publish","type":"product","link":"https:\/\/www.escargotvino.com\/?product=grenache-des-gres-o-pichon","title":{"rendered":"Grenache des gr\u00e8s &#8211; O. Pichon"},"content":{"rendered":"<p>Floral et min\u00e9ral, Grenache des C\u00e9vennes, cultiv\u00e9 \u00e0 200 m d&rsquo;altitude,  sur les gr\u00e9s de Souvignargues, roche apportant de l&rsquo;inertie thermique et de la fra\u00eecheur (silice, acidit\u00e9). Le tout parfum\u00e9 par le maquis de la montagne.<\/p>\n<p>Souple et long en bouche. Mill\u00e9sime fruit\u00e9 et rond. Vdf nature droit, ma\u00eetris\u00e9 par Olivier Pichon. Ap\u00e9ro d\u00eenatoire, brochettes de volaille et d&rsquo;agneau, fromages de ch\u00e8vre et brebis.<\/p>\n","protected":false},"excerpt":{"rendered":"<p>Floral et min\u00e9ral, Grenache des C\u00e9vennes, cultiv\u00e9 \u00e0 200 m d&rsquo;altitude, sur les gr\u00e9s de Souvignargues, roche apportant de l&rsquo;inertie thermique et de la fra\u00eecheur (silice, acidit\u00e9). Le tout parfum\u00e9 par le maquis de la montagne. Souple et long en bouche. Mill\u00e9sime fruit\u00e9 et rond. Vdf nature droit, ma\u00eetris\u00e9 par Olivier Pichon. Ap\u00e9ro d\u00eenatoire, brochettes [&hellip;]<\/p>\n","protected":false},"featured_media":539,"comment_status":"open","ping_status":"closed","template":"","meta":[],"product_brand":[],"product_cat":[18],"product_tag":[],"class_list":{"0":"post-540","1":"product","2":"type-product","3":"status-publish","4":"has-post-thumbnail","6":"product_cat-non-classe","8":"first","9":"instock","10":"sale","11":"taxable","12":"shipping-taxable","13":"purchasable","14":"product-type-simple"},"jetpack_sharing_enabled":true,"_links":{"self":[{"href":"https:\/\/www.escargotvino.com\/index.php?rest_route=\/wp\/v2\/product\/540","targetHints":{"allow":["GET"]}}],"collection":[{"href":"https:\/\/www.escargotvino.com\/index.php?rest_route=\/wp\/v2\/product"}],"about":[{"href":"https:\/\/www.escargotvino.com\/index.php?rest_route=\/wp\/v2\/types\/product"}],"replies":[{"embeddable":true,"href":"https:\/\/www.escargotvino.com\/index.php?rest_route=%2Fwp%2Fv2%2Fcomments&post=540"}],"wp:featuredmedia":[{"embeddable":true,"href":"https:\/\/www.escargotvino.com\/index.php?rest_route=\/wp\/v2\/media\/539"}],"wp:attachment":[{"href":"https:\/\/www.escargotvino.com\/index.php?rest_route=%2Fwp%2Fv2%2Fmedia&parent=540"}],"wp:term":[{"taxonomy":"product_brand","embeddable":true,"href":"https:\/\/www.escargotvino.com\/index.php?rest_route=%2Fwp%2Fv2%2Fproduct_brand&post=540"},{"taxonomy":"product_cat","embeddable":true,"href":"https:\/\/www.escargotvino.com\/index.php?rest_route=%2Fwp%2Fv2%2Fproduct_cat&post=540"},{"taxonomy":"product_tag","embeddable":true,"href":"https:\/\/www.escargotvino.com\/index.php?rest_route=%2Fwp%2Fv2%2Fproduct_tag&post=540"}],"curies":[{"name":"wp","href":"https:\/\/api.w.org\/{rel}","templated":true}]}}